{"id":4445,"date":"2024-10-24T08:12:08","date_gmt":"2024-10-24T08:12:08","guid":{"rendered":"https:\/\/ivinj.com\/?page_id=4445"},"modified":"2025-02-12T12:55:04","modified_gmt":"2025-02-12T12:55:04","slug":"sime-vlasic","status":"publish","type":"page","link":"https:\/\/ivinj.com\/en\/sime-vlasic\/","title":{"rendered":"\u0160IME VLA\u0160I\u0106"},"content":{"rendered":"<div data-elementor-type=\"wp-page\" data-elementor-id=\"4445\" class=\"elementor elementor-4445\">\n\t\t\t\t<div class=\"elementor-element elementor-element-a6efc51 e-flex e-con-boxed wpr-particle-no wpr-jarallax-no wpr-parallax-no wpr-sticky-section-no wpr-equal-height-no e-con e-parent\" data-id=\"a6efc51\" data-element_type=\"container\" data-e-type=\"container\" data-settings=\"{&quot;background_background&quot;:&quot;classic&quot;}\">\n\t\t\t\t\t<div class=\"e-con-inner\">\n\t\t\t\t<div class=\"elementor-element elementor-element-9c065f3 elementor-widget elementor-widget-page-title\" data-id=\"9c065f3\" data-element_type=\"widget\" data-e-type=\"widget\" data-settings=\"{&quot;align_mobile&quot;:&quot;center&quot;}\" data-widget_type=\"page-title.default\">\n\t\t\t\t<div class=\"elementor-widget-container\">\n\t\t\t\t\t\t\t\n\t\t<div class=\"hfe-page-title hfe-page-title-wrapper elementor-widget-heading\">\n\n\t\t\t\t\t\t\t\t\t\t\t<a href=\"https:\/\/ivinj.com\/en\">\n\t\t\t\t\t\t<h2 class=\"elementor-heading-title elementor-size-default\">\n\t\t\t\t\t\t\t\t\n\t\t\t\t\u0160IME VLA\u0160I\u0106  \n\t\t\t<\/h2> \n\t\t\t\t\t\t\t\t\t<\/a>\n\t\t\t\t\t<\/div>\n\t\t\t\t\t\t<\/div>\n\t\t\t\t<\/div>\n\t\t\t\t<div class=\"elementor-element elementor-element-9c79214 elementor-widget elementor-widget-hfe-breadcrumbs-widget\" data-id=\"9c79214\" data-element_type=\"widget\" data-e-type=\"widget\" data-widget_type=\"hfe-breadcrumbs-widget.default\">\n\t\t\t\t<div class=\"elementor-widget-container\">\n\t\t\t\t\t<nav aria-label=\"Breadcrumb\"><ul class=\"hfe-breadcrumbs hfe-breadcrumbs-show-home\"><li class=\"hfe-breadcrumbs-item hfe-breadcrumbs-first\"><span class=\"hfe-breadcrumbs-home-icon\"><\/span><a href=\"https:\/\/ivinj.com\/en\"><span class=\"hfe-breadcrumbs-text\">HOME PAGE<\/span><\/a><\/li><\/ul><\/nav>\t\t\t\t<\/div>\n\t\t\t\t<\/div>\n\t\t\t\t\t<\/div>\n\t\t\t\t<\/div>\n\t\t\t\t<section class=\"elementor-section elementor-top-section elementor-element elementor-element-74a71ea elementor-section-boxed elementor-section-height-default elementor-section-height-default wpr-particle-no wpr-jarallax-no wpr-parallax-no wpr-sticky-section-no wpr-equal-height-no\" data-id=\"74a71ea\" data-element_type=\"section\" data-e-type=\"section\" data-settings=\"{&quot;background_background&quot;:&quot;classic&quot;}\">\n\t\t\t\t\t\t<div class=\"elementor-container elementor-column-gap-default\">\n\t\t\t\t\t<div class=\"elementor-column elementor-col-50 elementor-top-column elementor-element elementor-element-31ec97c\" data-id=\"31ec97c\" data-element_type=\"column\" data-e-type=\"column\">\n\t\t\t<div class=\"elementor-widget-wrap elementor-element-populated\">\n\t\t\t\t\t\t<div class=\"elementor-element elementor-element-57e5ac2 aleft elementor-widget elementor-widget-wgl-double-heading\" data-id=\"57e5ac2\" data-element_type=\"widget\" data-e-type=\"widget\" data-widget_type=\"wgl-double-heading.default\">\n\t\t\t\t<div class=\"elementor-widget-container\">\n\t\t\t\t\t<div class=\"wgl-double-heading\"><div class=\"dblh__subtitle\">Doctor of law and politician<\/div><h3 class=\"dblh__title-wrapper\"><span class=\"dblh__title dblh__title-1\">\u0160IME VLA\u0160I\u0106<\/span><\/h3><\/div>\t\t\t\t<\/div>\n\t\t\t\t<\/div>\n\t\t\t\t<div class=\"elementor-element elementor-element-978eb1e elementor-widget elementor-widget-text-editor\" data-id=\"978eb1e\" data-element_type=\"widget\" data-e-type=\"widget\" data-widget_type=\"text-editor.default\">\n\t\t\t\t<div class=\"elementor-widget-container\">\n\t\t\t\t\t\t\t\t\t<p>Dr. \u0160ime Vla\u0161i\u0107 was a prominent lawyer and politician in Dalmatia, and he particularly distinguished himself through his work as the mayor of \u0160ibenik and a member of the Croatian Peasant Party (HSS). Although he is not a widely known figure in general history, Vla\u0161i\u0107 left his mark on the local political scene in Dalmatia with his work and contribution. Born in 1892 in a poor family in Tisno, he gained a great reputation in judicial circles and Croatian politics.<\/p>\t\t\t\t\t\t\t\t<\/div>\n\t\t\t\t<\/div>\n\t\t\t\t<div class=\"elementor-element elementor-element-8f70609 elementor-widget elementor-widget-text-editor\" data-id=\"8f70609\" data-element_type=\"widget\" data-e-type=\"widget\" data-widget_type=\"text-editor.default\">\n\t\t\t\t<div class=\"elementor-widget-container\">\n\t\t\t\t\t\t\t\t\t<p>His legal education and expertise helped him to assert himself in political life, where he represented the ideas of social justice and the rights of the peasants. The Croatian Peasant Party advocated for a better position of the peasantry, farmers and rural population, and Vla\u0161i\u0107 played a role in implementing these ideas at the local level. His election as mayor of \u0160ibenik in 1925 was a sign of the local community's support for his views and work. Known for his patriotism, modesty and dedication to work, he became the most popular politician in \u0160ibenik.<\/p>\t\t\t\t\t\t\t\t<\/div>\n\t\t\t\t<\/div>\n\t\t\t\t<div class=\"elementor-element elementor-element-9daefd0 elementor-widget elementor-widget-text-editor\" data-id=\"9daefd0\" data-element_type=\"widget\" data-e-type=\"widget\" data-widget_type=\"text-editor.default\">\n\t\t\t\t<div class=\"elementor-widget-container\">\n\t\t\t\t\t\t\t\t\t<p><span>His commitment to peasants, to whom he often provided free legal aid, was highlighted at the commemoration held by Branko Pavlov. Vla\u0161i\u0107's death caused sadness in Zagreb, where a day of mourning was declared, and thousands of people gathered for the funeral. In 1936, a monumentm was built in Tisno in honor of his contribution. After 87 years, the monument was restored thanks to Vihor Ku\u0161pili\u0107, his grandson, and returned to the place where it still bears witness to Vla\u0161i\u0107's humanism and patriotism. Pavlov emphasized that the monument not only celebrates Vla\u0161i\u0107, but also the spirit of the people from which it originated.<\/span><\/p>\t\t\t\t\t\t\t\t<\/div>\n\t\t\t\t<\/div>\n\t\t\t\t<div class=\"elementor-element elementor-element-8b53c13 elementor-widget elementor-widget-text-editor\" data-id=\"8b53c13\" data-element_type=\"widget\" data-e-type=\"widget\" data-widget_type=\"text-editor.default\">\n\t\t\t\t<div class=\"elementor-widget-container\">\n\t\t\t\t\t\t\t\t\t<p><span style=\"font-size: 16px;\">Sources:<br \/><\/span><span>Rudina press. <a href=\"https:\/\/www.rudinapress.hr\/index.php\/2022\/09\/21\/tisnjani-odali-pocast-dr-simi-vlasicu\/\">https:\/\/www.rudinapress.hr\/index.php\/2022\/09\/21\/tisnjani-odali-pocast-dr-simi-vlasicu\/<\/a> <\/span><\/p>\t\t\t\t\t\t\t\t<\/div>\n\t\t\t\t<\/div>\n\t\t\t\t\t<\/div>\n\t\t<\/div>\n\t\t\t\t<div class=\"elementor-column elementor-col-50 elementor-top-column elementor-element elementor-element-31e8b8f\" data-id=\"31e8b8f\" data-element_type=\"column\" data-e-type=\"column\">\n\t\t\t<div class=\"elementor-widget-wrap elementor-element-populated\">\n\t\t\t\t\t\t<div class=\"elementor-element elementor-element-faf4117 elementor-widget elementor-widget-image\" data-id=\"faf4117\" data-element_type=\"widget\" data-e-type=\"widget\" data-widget_type=\"image.default\">\n\t\t\t\t<div class=\"elementor-widget-container\">\n\t\t\t\t\t\t\t\t\t\t\t\t\t\t\t\t<a href=\"https:\/\/ivinj.com\/wp-content\/uploads\/2024\/11\/Sime-Vlasic-Slika-1.jpg\" data-elementor-open-lightbox=\"yes\" data-elementor-lightbox-title=\"S\u030cime-Vlas\u030cic\u0301-Slika-1\" data-e-action-hash=\"#elementor-action%3Aaction%3Dlightbox%26settings%3DeyJpZCI6NDYyMywidXJsIjoiaHR0cHM6XC9cL2l2aW5qLmNvbVwvd3AtY29udGVudFwvdXBsb2Fkc1wvMjAyNFwvMTFcL1NpbWUtVmxhc2ljLVNsaWthLTEuanBnIn0%3D\">\n\t\t\t\t\t\t\t<img fetchpriority=\"high\" decoding=\"async\" width=\"600\" height=\"800\" src=\"https:\/\/ivinj.com\/wp-content\/uploads\/2024\/11\/Sime-Vlasic-Slika-1.jpg\" class=\"attachment-full size-full wp-image-4623\" alt=\"\" srcset=\"https:\/\/ivinj.com\/wp-content\/uploads\/2024\/11\/Sime-Vlasic-Slika-1.jpg 600w, https:\/\/ivinj.com\/wp-content\/uploads\/2024\/11\/Sime-Vlasic-Slika-1-225x300.jpg 225w, https:\/\/ivinj.com\/wp-content\/uploads\/2024\/11\/Sime-Vlasic-Slika-1-9x12.jpg 9w\" sizes=\"(max-width: 600px) 100vw, 600px\" \/>\t\t\t\t\t\t\t\t<\/a>\n\t\t\t\t\t\t\t\t\t\t\t\t\t\t\t<\/div>\n\t\t\t\t<\/div>\n\t\t\t\t<div class=\"elementor-element elementor-element-0a7a619 elementor-widget elementor-widget-image\" data-id=\"0a7a619\" data-element_type=\"widget\" data-e-type=\"widget\" data-widget_type=\"image.default\">\n\t\t\t\t<div class=\"elementor-widget-container\">\n\t\t\t\t\t\t\t\t\t\t\t\t\t\t\t<img decoding=\"async\" width=\"800\" height=\"600\" src=\"https:\/\/ivinj.com\/wp-content\/uploads\/2024\/10\/Sime-Vlasic-Cipele.jpg\" class=\"attachment-full size-full wp-image-4458\" alt=\"\" srcset=\"https:\/\/ivinj.com\/wp-content\/uploads\/2024\/10\/Sime-Vlasic-Cipele.jpg 800w, https:\/\/ivinj.com\/wp-content\/uploads\/2024\/10\/Sime-Vlasic-Cipele-300x225.jpg 300w, https:\/\/ivinj.com\/wp-content\/uploads\/2024\/10\/Sime-Vlasic-Cipele-768x576.jpg 768w, https:\/\/ivinj.com\/wp-content\/uploads\/2024\/10\/Sime-Vlasic-Cipele-16x12.jpg 16w\" sizes=\"(max-width: 800px) 100vw, 800px\" \/>\t\t\t\t\t\t\t\t\t\t\t\t\t\t\t<\/div>\n\t\t\t\t<\/div>\n\t\t\t\t\t<\/div>\n\t\t<\/div>\n\t\t\t\t\t<\/div>\n\t\t<\/section>\n\t\t<div class=\"elementor-element elementor-element-c66480f e-flex e-con-boxed wpr-particle-no wpr-jarallax-no wpr-parallax-no wpr-sticky-section-no wpr-equal-height-no e-con e-parent\" data-id=\"c66480f\" data-element_type=\"container\" data-e-type=\"container\" data-settings=\"{&quot;background_background&quot;:&quot;classic&quot;}\">\n\t\t\t\t\t<div class=\"e-con-inner\">\n\t\t\t\t<div class=\"elementor-element elementor-element-6202bab elementor-widget elementor-widget-text-editor\" data-id=\"6202bab\" data-element_type=\"widget\" data-e-type=\"widget\" data-widget_type=\"text-editor.default\">\n\t\t\t\t<div class=\"elementor-widget-container\">\n\t\t\t\t\t\t\t\t\t<p>Uputite se u <span style=\"text-decoration: underline;\"><a href=\"https:\/\/ivinj.com\/en\/tematske-setnje\/\">tematsku \u0161etnju<\/a><\/span> po Tisnom<\/p>\t\t\t\t\t\t\t\t<\/div>\n\t\t\t\t<\/div>\n\t\t\t\t\t<\/div>\n\t\t\t\t<\/div>\n\t\t<div class=\"elementor-element elementor-element-ed0dec6 e-con-full e-flex wpr-particle-no wpr-jarallax-no wpr-parallax-no wpr-sticky-section-no wpr-equal-height-no e-con e-parent\" data-id=\"ed0dec6\" data-element_type=\"container\" data-e-type=\"container\">\n\t\t<div class=\"elementor-element elementor-element-d7760af e-con-full e-flex wpr-particle-no wpr-jarallax-no wpr-parallax-no wpr-sticky-section-no wpr-equal-height-no e-con e-child\" data-id=\"d7760af\" data-element_type=\"container\" data-e-type=\"container\">\n\t\t\t\t<div class=\"elementor-element elementor-element-76aeae9 elementor-widget elementor-widget-html\" data-id=\"76aeae9\" data-element_type=\"widget\" data-e-type=\"widget\" data-widget_type=\"html.default\">\n\t\t\t\t<div class=\"elementor-widget-container\">\n\t\t\t\t\t<iframe src=\"https:\/\/www.google.com\/maps\/d\/u\/0\/embed?mid=1LeLe2ehdduIwTazQvsds7xJezQHBj9g&ehbc=2E312F&noprof=1\" width=\"640\" height=\"700\"><\/iframe>\t\t\t\t<\/div>\n\t\t\t\t<\/div>\n\t\t\t\t<\/div>\n\t\t\t\t<\/div>\n\t\t\t\t<\/div>","protected":false},"excerpt":{"rendered":"<p>\u0160IME VLA\u0160I\u0106 NASLOVNICA Doktor prava i politi\u010dar \u0160IME VLA\u0160I\u0106 Dr. \u0160ime Vla\u0161i\u0107 bio je istaknuti pravnik i politi\u010dar iz Dalmacije, a posebno se istaknuo kroz svoj rad kao gradona\u010delnik \u0160ibenika i \u010dlan Hrvatske selja\u010dke stranke (HSS). Iako nije \u0161iroko poznata li\u010dnost u op\u0107oj povijesti, Vla\u0161i\u0107 je svojim radom i doprinosom ostavio trag na lokalnoj politi\u010dkoj sceni u Dalmaciji. Ro\u0111en 1892. godine u siroma\u0161noj obitelji u Tisnom, stekao je veliki ugled u pravosudnim krugovima i hrvatskoj politici. Njegovo pravno obrazovanje i stru\u010dnost pomogli su mu da se afirmira i u politi\u010dkom \u017eivotu, gdje je zastupao ideje socijalne pravde i prava selja\u0161tva. Hrvatska selja\u010dka stranka se zalagala za bolji polo\u017eaj selja\u0161tva, zemljoradnika i ruralnog stanovni\u0161tva, a Vla\u0161i\u0107 je igrao ulogu u provo\u0111enju tih ideja na lokalnoj razini. Njegov izbor za gradona\u010delnika \u0160ibenika 1925. godine bio je znak podr\u0161ke lokalne zajednice njegovim stavovima i radom. Poznat po svom domoljublju, skromnosti i predanosti radu, postao je najpopularniji politi\u010dar \u0160ibenika. Njegova predanost siroma\u0161nim seljacima, kojima je \u010desto besplatno pru\u017eao pravnu pomo\u0107, bila je istaknuta na komemoraciji koju je odr\u017eao Branko Pavlov. Vla\u0161i\u0107eva smrt izazvala je tugu u Zagrebu, gdje je progla\u0161en dan \u017ealosti, a tisu\u0107e ljudi okupilo se na ispra\u0107aju. Godine 1936. podignut je spomenik u Tisnom u \u010dast njegovom doprinosu. Nakon 87 godina, spomenik je restauriran zahvaljuju\u0107i Vihoru Ku\u0161pili\u0107u, njegovu unuku, te je vra\u0107en na mjesto gdje i dalje svjedo\u010di o Vla\u0161i\u0107evom humanizmu i domoljublju. Pavlov je naglasio da spomenik ne samo da slavi Vla\u0161i\u0107a, ve\u0107 i narodni duh iz kojeg je potekao. Izvori:Rudina press. https:\/\/www.rudinapress.hr\/index.php\/2022\/09\/21\/tisnjani-odali-pocast-dr-simi-vlasicu\/ Uputite se u tematsku \u0161etnju po Tisnom<\/p>","protected":false},"author":1,"featured_media":0,"parent":0,"menu_order":0,"comment_status":"closed","ping_status":"closed","template":"elementor_header_footer","meta":{"footnotes":""},"class_list":["post-4445","page","type-page","status-publish","hentry"],"_links":{"self":[{"href":"https:\/\/ivinj.com\/en\/wp-json\/wp\/v2\/pages\/4445","targetHints":{"allow":["GET"]}}],"collection":[{"href":"https:\/\/ivinj.com\/en\/wp-json\/wp\/v2\/pages"}],"about":[{"href":"https:\/\/ivinj.com\/en\/wp-json\/wp\/v2\/types\/page"}],"author":[{"embeddable":true,"href":"https:\/\/ivinj.com\/en\/wp-json\/wp\/v2\/users\/1"}],"replies":[{"embeddable":true,"href":"https:\/\/ivinj.com\/en\/wp-json\/wp\/v2\/comments?post=4445"}],"version-history":[{"count":35,"href":"https:\/\/ivinj.com\/en\/wp-json\/wp\/v2\/pages\/4445\/revisions"}],"predecessor-version":[{"id":5685,"href":"https:\/\/ivinj.com\/en\/wp-json\/wp\/v2\/pages\/4445\/revisions\/5685"}],"wp:attachment":[{"href":"https:\/\/ivinj.com\/en\/wp-json\/wp\/v2\/media?parent=4445"}],"curies":[{"name":"wp","href":"https:\/\/api.w.org\/{rel}","templated":true}]}}