{"id":5828,"date":"2026-01-23T11:50:10","date_gmt":"2026-01-23T11:50:10","guid":{"rendered":"https:\/\/ivinj.com\/?page_id=5828"},"modified":"2026-01-23T11:55:39","modified_gmt":"2026-01-23T11:55:39","slug":"price-iz-tisnjanskoga-dnevnika","status":"publish","type":"page","link":"https:\/\/ivinj.com\/en\/price-iz-tisnjanskoga-dnevnika\/","title":{"rendered":"Pri\u010de iz ti\u0161njanskoga dnevnika"},"content":{"rendered":"<div data-elementor-type=\"wp-page\" data-elementor-id=\"5828\" class=\"elementor elementor-5828\">\n\t\t\t\t<div class=\"elementor-element elementor-element-70f6f7e9 e-flex e-con-boxed wpr-particle-no wpr-jarallax-no wpr-parallax-no wpr-sticky-section-no wpr-equal-height-no e-con e-parent\" data-id=\"70f6f7e9\" data-element_type=\"container\" data-e-type=\"container\" data-settings=\"{&quot;background_background&quot;:&quot;classic&quot;}\">\n\t\t\t\t\t<div class=\"e-con-inner\">\n\t\t\t\t<div class=\"elementor-element elementor-element-34693b23 elementor-widget elementor-widget-page-title\" data-id=\"34693b23\" data-element_type=\"widget\" data-e-type=\"widget\" data-settings=\"{&quot;align_mobile&quot;:&quot;center&quot;}\" data-widget_type=\"page-title.default\">\n\t\t\t\t<div class=\"elementor-widget-container\">\n\t\t\t\t\t\t\t\n\t\t<div class=\"hfe-page-title hfe-page-title-wrapper elementor-widget-heading\">\n\n\t\t\t\t\t\t\t\t\t\t\t<a href=\"https:\/\/ivinj.com\/en\">\n\t\t\t\t\t\t<h2 class=\"elementor-heading-title elementor-size-default\">\n\t\t\t\t\t\t\t\t\n\t\t\t\tPri\u010de iz ti\u0161njanskoga dnevnika  \n\t\t\t<\/h2> \n\t\t\t\t\t\t\t\t\t<\/a>\n\t\t\t\t\t<\/div>\n\t\t\t\t\t\t<\/div>\n\t\t\t\t<\/div>\n\t\t\t\t<div class=\"elementor-element elementor-element-3f52ac59 elementor-widget elementor-widget-hfe-breadcrumbs-widget\" data-id=\"3f52ac59\" data-element_type=\"widget\" data-e-type=\"widget\" data-widget_type=\"hfe-breadcrumbs-widget.default\">\n\t\t\t\t<div class=\"elementor-widget-container\">\n\t\t\t\t\t<nav aria-label=\"Breadcrumb\"><ul class=\"hfe-breadcrumbs hfe-breadcrumbs-show-home\"><li class=\"hfe-breadcrumbs-item hfe-breadcrumbs-first\"><span class=\"hfe-breadcrumbs-home-icon\"><\/span><a href=\"https:\/\/ivinj.com\/en\"><span class=\"hfe-breadcrumbs-text\">HOME PAGE<\/span><\/a><\/li><\/ul><\/nav>\t\t\t\t<\/div>\n\t\t\t\t<\/div>\n\t\t\t\t\t<\/div>\n\t\t\t\t<\/div>\n\t\t\t\t<section class=\"elementor-section elementor-top-section elementor-element elementor-element-2fc5ae30 elementor-reverse-tablet elementor-reverse-mobile elementor-section-boxed elementor-section-height-default elementor-section-height-default wpr-particle-no wpr-jarallax-no wpr-parallax-no wpr-sticky-section-no wpr-equal-height-no\" data-id=\"2fc5ae30\" data-element_type=\"section\" data-e-type=\"section\">\n\t\t\t\t\t\t<div class=\"elementor-container elementor-column-gap-default\">\n\t\t\t\t\t<div class=\"elementor-column elementor-col-100 elementor-top-column elementor-element elementor-element-308d8b65\" data-id=\"308d8b65\" data-element_type=\"column\" data-e-type=\"column\">\n\t\t\t<div class=\"elementor-widget-wrap elementor-element-populated\">\n\t\t\t\t\t\t<div class=\"elementor-element elementor-element-5c249051 aleft elementor-widget elementor-widget-wgl-double-heading\" data-id=\"5c249051\" data-element_type=\"widget\" data-e-type=\"widget\" data-widget_type=\"wgl-double-heading.default\">\n\t\t\t\t<div class=\"elementor-widget-container\">\n\t\t\t\t\t<div class=\"wgl-double-heading\"><h3 class=\"dblh__title-wrapper\"><span class=\"dblh__title dblh__title-1\">Pri\u010de iz ti\u0161njanskoga dnevnika<\/span><\/h3><\/div>\t\t\t\t<\/div>\n\t\t\t\t<\/div>\n\t\t\t\t<div class=\"elementor-element elementor-element-5ed8667a elementor-widget elementor-widget-text-editor\" data-id=\"5ed8667a\" data-element_type=\"widget\" data-e-type=\"widget\" data-widget_type=\"text-editor.default\">\n\t\t\t\t<div class=\"elementor-widget-container\">\n\t\t\t\t\t\t\t\t\t<p><span>Projekt \u201cPri\u010de iz ti\u0161njanskoga dnevnika\u201d omogu\u0107uje u\u010denicima 5. razreda O\u0160 Vjekoslava Kaleba neposredno iskustvo istra\u017eivanja arheolo\u0161kog lokaliteta Ivinj i povezivanje nastave povijesti s konkretnim lokacijama i artefaktima. Radionice uklju\u010duju interaktivno u\u010denje, grupni rad i prakti\u010dne aktivnosti, a dio programa \u010dini i akcija \u010di\u0161\u0107enja lokaliteta, \u010dime se razvija svijest o o\u010duvanju kulturne i prirodne ba\u0161tine.<\/span><\/p><p><span>Tako\u0111er, projekt obuhva\u0107a postavljanje informativne plo\u010de kod izvora Roza, ilustraciju pripovijetke \u201eVerice s Ivinja\u201c i kontinuiranu digitalizaciju ba\u0161tine kroz web stranicu i dru\u0161tvene mre\u017ee. Sve aktivnosti poti\u010du aktivno sudjelovanje djece, zajednice i kreativaca, promoviraju\u0107i povijest i kulturni identitet Tisnog te dugoro\u010dno ja\u010daju vidljivost i valorizaciju lokalne ba\u0161tine.<\/span><\/p>\t\t\t\t\t\t\t\t<\/div>\n\t\t\t\t<\/div>\n\t\t\t\t\t<\/div>\n\t\t<\/div>\n\t\t\t\t\t<\/div>\n\t\t<\/section>\n\t\t\t\t<section class=\"elementor-section elementor-top-section elementor-element elementor-element-303c983a elementor-section-boxed elementor-section-height-default elementor-section-height-default wpr-particle-no wpr-jarallax-no wpr-parallax-no wpr-sticky-section-no wpr-equal-height-no\" data-id=\"303c983a\" data-element_type=\"section\" data-e-type=\"section\">\n\t\t\t\t\t\t<div class=\"elementor-container elementor-column-gap-default\">\n\t\t\t\t\t<div class=\"elementor-column elementor-col-100 elementor-top-column elementor-element elementor-element-74bc9835\" data-id=\"74bc9835\" data-element_type=\"column\" data-e-type=\"column\">\n\t\t\t<div class=\"elementor-widget-wrap elementor-element-populated\">\n\t\t\t\t<div class=\"elementor-element elementor-element-6038ea7 e-flex e-con-boxed wpr-particle-no wpr-jarallax-no wpr-parallax-no wpr-sticky-section-no wpr-equal-height-no e-con e-parent\" data-id=\"6038ea7\" data-element_type=\"container\" data-e-type=\"container\">\n\t\t\t\t\t<div class=\"e-con-inner\">\n\t\t\t\t<div class=\"elementor-element elementor-element-aba02fe elementor-widget elementor-widget-image\" data-id=\"aba02fe\" data-element_type=\"widget\" data-e-type=\"widget\" data-widget_type=\"image.default\">\n\t\t\t\t<div class=\"elementor-widget-container\">\n\t\t\t\t\t\t\t\t\t\t\t\t\t\t\t<img fetchpriority=\"high\" decoding=\"async\" width=\"800\" height=\"600\" src=\"https:\/\/ivinj.com\/wp-content\/uploads\/2024\/10\/Vjekoslav-Kaleb-Cipele.jpg\" class=\"attachment-full size-full wp-image-4388\" alt=\"\" srcset=\"https:\/\/ivinj.com\/wp-content\/uploads\/2024\/10\/Vjekoslav-Kaleb-Cipele.jpg 800w, https:\/\/ivinj.com\/wp-content\/uploads\/2024\/10\/Vjekoslav-Kaleb-Cipele-300x225.jpg 300w, https:\/\/ivinj.com\/wp-content\/uploads\/2024\/10\/Vjekoslav-Kaleb-Cipele-768x576.jpg 768w, https:\/\/ivinj.com\/wp-content\/uploads\/2024\/10\/Vjekoslav-Kaleb-Cipele-16x12.jpg 16w\" sizes=\"(max-width: 800px) 100vw, 800px\" \/>\t\t\t\t\t\t\t\t\t\t\t\t\t\t\t<\/div>\n\t\t\t\t<\/div>\n\t\t\t\t<div class=\"elementor-element elementor-element-d1031fb elementor-widget elementor-widget-image\" data-id=\"d1031fb\" data-element_type=\"widget\" data-e-type=\"widget\" data-widget_type=\"image.default\">\n\t\t\t\t<div class=\"elementor-widget-container\">\n\t\t\t\t\t\t\t\t\t\t\t\t\t\t\t<img decoding=\"async\" width=\"800\" height=\"600\" src=\"https:\/\/ivinj.com\/wp-content\/uploads\/2024\/10\/Sime-Vlasic-Cipele.jpg\" class=\"attachment-full size-full wp-image-4458\" alt=\"\" srcset=\"https:\/\/ivinj.com\/wp-content\/uploads\/2024\/10\/Sime-Vlasic-Cipele.jpg 800w, https:\/\/ivinj.com\/wp-content\/uploads\/2024\/10\/Sime-Vlasic-Cipele-300x225.jpg 300w, https:\/\/ivinj.com\/wp-content\/uploads\/2024\/10\/Sime-Vlasic-Cipele-768x576.jpg 768w, https:\/\/ivinj.com\/wp-content\/uploads\/2024\/10\/Sime-Vlasic-Cipele-16x12.jpg 16w\" sizes=\"(max-width: 800px) 100vw, 800px\" \/>\t\t\t\t\t\t\t\t\t\t\t\t\t\t\t<\/div>\n\t\t\t\t<\/div>\n\t\t\t\t\t<\/div>\n\t\t\t\t<\/div>\n\t\t\t\t\t<\/div>\n\t\t<\/div>\n\t\t\t\t\t<\/div>\n\t\t<\/section>\n\t\t\t\t<section class=\"elementor-section elementor-top-section elementor-element elementor-element-7a2c552c elementor-section-boxed elementor-section-height-default elementor-section-height-default wpr-particle-no wpr-jarallax-no wpr-parallax-no wpr-sticky-section-no wpr-equal-height-no\" data-id=\"7a2c552c\" data-element_type=\"section\" data-e-type=\"section\" data-settings=\"{&quot;background_background&quot;:&quot;classic&quot;}\">\n\t\t\t\t\t\t<div class=\"elementor-container elementor-column-gap-default\">\n\t\t\t\t\t<div class=\"elementor-column elementor-col-100 elementor-top-column elementor-element elementor-element-5aea8e4c\" data-id=\"5aea8e4c\" data-element_type=\"column\" data-e-type=\"column\">\n\t\t\t<div class=\"elementor-widget-wrap elementor-element-populated\">\n\t\t\t\t\t\t<div class=\"elementor-element elementor-element-11a3d23d aleft elementor-widget elementor-widget-wgl-double-heading\" data-id=\"11a3d23d\" data-element_type=\"widget\" data-e-type=\"widget\" data-widget_type=\"wgl-double-heading.default\">\n\t\t\t\t<div class=\"elementor-widget-container\">\n\t\t\t\t\t<div class=\"wgl-double-heading\"><h3 class=\"dblh__title-wrapper\"><span class=\"dblh__title dblh__title-1\">PROJECT INFO<\/span><\/h3><\/div>\t\t\t\t<\/div>\n\t\t\t\t<\/div>\n\t\t\t\t<div class=\"elementor-element elementor-element-1ed82e29 elementor-view-stacked elementor-shape-circle elementor-widget__width-initial aleft elementor-widget-icon-box wgl-icon-box elementor-widget elementor-widget-wgl-info-box\" data-id=\"1ed82e29\" data-element_type=\"widget\" data-e-type=\"widget\" data-widget_type=\"wgl-info-box.default\">\n\t\t\t\t<div class=\"elementor-widget-container\">\n\t\t\t\t\t<div class=\"wgl-infobox\"><div class=\"wgl-infobox_wrapper wgl-layout-left\"><div class=\"media-wrapper icon-wrapper\"><span class=\"wgl-icon\" ><i class=\"icon elementor-icon far fa-list-alt\" aria-hidden=\"true\"><\/i><\/span><\/div><div class=\"content_wrapper\"><div class=\"wgl-infobox-title_wrapper\"><h3 class=\"wgl-infobox_title\"><span class=\"wgl-infobox_title-idle\">Goals:<\/span><\/h3><\/div><div class=\"wgl-infobox_content\"><ol><li class=\"\"><span>osvijestiti va\u017enost brige o okoli\u0161u i kulturnim dobrima na podru\u010dju Op\u0107ine Tisno<\/span><\/li><li class=\"\"><span>\u00a0<\/span><span>potaknuti odgovorno pona\u0161anje prema zajedni\u010dkom prostoru te razviti kod mladih osje\u0107aj odgovornosti i aktivnog sudjelovanja u o\u010duvanju prirodne i kulturne ba\u0161tine Tisnog<\/span><\/li><li class=\"\"><span>\u00a0<\/span><span>pru\u017eiti posjetiteljima relevantne informacije o povijesti izvora vode \"Roza\" i njegovoj ulozi u svakodnevnom \u017eivotu stanovnika te doprinijeti valorizaciji i o\u010duvanju lokalnih identitetskih to\u010daka<\/span><\/li><li class=\"\"><span>\u00a0<\/span><span>pridonijeti popularizaciji arheolo\u0161kog lokaliteta Ivinj i njegovoj prepoznatljivosti u kulturnom i turisti\u010dkom kontekstu<\/span><\/li><li class=\"\"><span>\u00a0<\/span><span>osigurati kontinuiranu promociju i valorizaciju arheolo\u0161kog lokaliteta Ivinj putem digitalnih platformi<\/span><\/li><\/ol><\/div><\/div><\/div><\/div>\t\t\t\t<\/div>\n\t\t\t\t<\/div>\n\t\t<div class=\"elementor-element elementor-element-1127c69 e-flex e-con-boxed wpr-particle-no wpr-jarallax-no wpr-parallax-no wpr-sticky-section-no wpr-equal-height-no e-con e-parent\" data-id=\"1127c69\" data-element_type=\"container\" data-e-type=\"container\">\n\t\t\t\t\t<div class=\"e-con-inner\">\n\t\t\t\t<div class=\"elementor-element elementor-element-ca52f2b elementor-view-stacked elementor-shape-circle elementor-widget__width-initial aleft elementor-widget-icon-box wgl-icon-box elementor-widget elementor-widget-wgl-info-box\" data-id=\"ca52f2b\" data-element_type=\"widget\" data-e-type=\"widget\" data-widget_type=\"wgl-info-box.default\">\n\t\t\t\t<div class=\"elementor-widget-container\">\n\t\t\t\t\t<div class=\"wgl-infobox\"><div class=\"wgl-infobox_wrapper wgl-layout-left\"><div class=\"media-wrapper icon-wrapper\"><span class=\"wgl-icon\" ><i class=\"icon elementor-icon far fa-calendar-alt\" aria-hidden=\"true\"><\/i><\/span><\/div><div class=\"content_wrapper\"><div class=\"wgl-infobox-title_wrapper\"><h3 class=\"wgl-infobox_title\"><span class=\"wgl-infobox_title-idle\">Duration:<\/span><\/h3><\/div><div class=\"wgl-infobox_content\"><p><span>1.1. - 31.12.2026.<\/span><\/p><\/div><\/div><\/div><\/div>\t\t\t\t<\/div>\n\t\t\t\t<\/div>\n\t\t\t\t<div class=\"elementor-element elementor-element-555be1d elementor-view-stacked elementor-shape-circle elementor-widget__width-initial aleft elementor-widget-icon-box wgl-icon-box elementor-widget elementor-widget-wgl-info-box\" data-id=\"555be1d\" data-element_type=\"widget\" data-e-type=\"widget\" data-widget_type=\"wgl-info-box.default\">\n\t\t\t\t<div class=\"elementor-widget-container\">\n\t\t\t\t\t<div class=\"wgl-infobox\"><div class=\"wgl-infobox_wrapper wgl-layout-left\"><div class=\"media-wrapper icon-wrapper\"><span class=\"wgl-icon\" ><i class=\"icon elementor-icon far fa-user\" aria-hidden=\"true\"><\/i><\/span><\/div><div class=\"content_wrapper\"><div class=\"wgl-infobox-title_wrapper\"><h3 class=\"wgl-infobox_title\"><span class=\"wgl-infobox_title-idle\">Users:<\/span><\/h3><\/div><div class=\"wgl-infobox_content\"><p><span>U\u010denici O\u0160 \"Vjekoslav Kaleb\", lokalno stanovni\u0161tvo, ilustratori, turisti i posjetitelji<\/span><\/p><\/div><\/div><\/div><\/div>\t\t\t\t<\/div>\n\t\t\t\t<\/div>\n\t\t\t\t<div class=\"elementor-element elementor-element-bbc82a9 elementor-view-stacked elementor-shape-circle elementor-widget__width-initial aleft elementor-widget-icon-box wgl-icon-box elementor-widget elementor-widget-wgl-info-box\" data-id=\"bbc82a9\" data-element_type=\"widget\" data-e-type=\"widget\" data-widget_type=\"wgl-info-box.default\">\n\t\t\t\t<div class=\"elementor-widget-container\">\n\t\t\t\t\t<div class=\"wgl-infobox\"><div class=\"wgl-infobox_wrapper wgl-layout-left\"><div class=\"media-wrapper icon-wrapper\"><span class=\"wgl-icon\" ><i class=\"icon elementor-icon far fa-handshake\" aria-hidden=\"true\"><\/i><\/span><\/div><div class=\"content_wrapper\"><div class=\"wgl-infobox-title_wrapper\"><h3 class=\"wgl-infobox_title\"><span class=\"wgl-infobox_title-idle\">Donor:<\/span><\/h3><\/div><div class=\"wgl-infobox_content\"><p>The municipality of Tisno<\/p><\/div><\/div><\/div><\/div>\t\t\t\t<\/div>\n\t\t\t\t<\/div>\n\t\t\t\t\t<\/div>\n\t\t\t\t<\/div>\n\t\t\t\t\t<\/div>\n\t\t<\/div>\n\t\t\t\t\t<\/div>\n\t\t<\/section>\n\t\t\t\t<\/div>","protected":false},"excerpt":{"rendered":"<p>Pri\u010de iz ti\u0161njanskoga dnevnika NASLOVNICA Pri\u010de iz ti\u0161njanskoga dnevnika Projekt \u201cPri\u010de iz ti\u0161njanskoga dnevnika\u201d omogu\u0107uje u\u010denicima 5. razreda O\u0160 Vjekoslava Kaleba neposredno iskustvo istra\u017eivanja arheolo\u0161kog lokaliteta Ivinj i povezivanje nastave povijesti s konkretnim lokacijama i artefaktima. Radionice uklju\u010duju interaktivno u\u010denje, grupni rad i prakti\u010dne aktivnosti, a dio programa \u010dini i akcija \u010di\u0161\u0107enja lokaliteta, \u010dime se razvija svijest o o\u010duvanju kulturne i prirodne ba\u0161tine. Tako\u0111er, projekt obuhva\u0107a postavljanje informativne plo\u010de kod izvora Roza, ilustraciju pripovijetke \u201eVerice s Ivinja\u201c i kontinuiranu digitalizaciju ba\u0161tine kroz web stranicu i dru\u0161tvene mre\u017ee. Sve aktivnosti poti\u010du aktivno sudjelovanje djece, zajednice i kreativaca, promoviraju\u0107i povijest i kulturni identitet Tisnog te dugoro\u010dno ja\u010daju vidljivost i valorizaciju lokalne ba\u0161tine. INFORMACIJE O PROJEKTU Ciljevi: osvijestiti va\u017enost brige o okoli\u0161u i kulturnim dobrima na podru\u010dju Op\u0107ine Tisno \u00a0potaknuti odgovorno pona\u0161anje prema zajedni\u010dkom prostoru te razviti kod mladih osje\u0107aj odgovornosti i aktivnog sudjelovanja u o\u010duvanju prirodne i kulturne ba\u0161tine Tisnog \u00a0pru\u017eiti posjetiteljima relevantne informacije o povijesti izvora vode &#8220;Roza&#8221; i njegovoj ulozi u svakodnevnom \u017eivotu stanovnika te doprinijeti valorizaciji i o\u010duvanju lokalnih identitetskih to\u010daka \u00a0pridonijeti popularizaciji arheolo\u0161kog lokaliteta Ivinj i njegovoj prepoznatljivosti u kulturnom i turisti\u010dkom kontekstu \u00a0osigurati kontinuiranu promociju i valorizaciju arheolo\u0161kog lokaliteta Ivinj putem digitalnih platformi Trajanje: 1.1. &#8211; 31.12.2026. Korisnici: U\u010denici O\u0160 &#8220;Vjekoslav Kaleb&#8221;, lokalno stanovni\u0161tvo, ilustratori, turisti i posjetitelji Donator: Op\u0107ina Tisno<\/p>","protected":false},"author":1,"featured_media":0,"parent":0,"menu_order":0,"comment_status":"closed","ping_status":"closed","template":"elementor_header_footer","meta":{"footnotes":""},"class_list":["post-5828","page","type-page","status-publish","hentry"],"_links":{"self":[{"href":"https:\/\/ivinj.com\/en\/wp-json\/wp\/v2\/pages\/5828","targetHints":{"allow":["GET"]}}],"collection":[{"href":"https:\/\/ivinj.com\/en\/wp-json\/wp\/v2\/pages"}],"about":[{"href":"https:\/\/ivinj.com\/en\/wp-json\/wp\/v2\/types\/page"}],"author":[{"embeddable":true,"href":"https:\/\/ivinj.com\/en\/wp-json\/wp\/v2\/users\/1"}],"replies":[{"embeddable":true,"href":"https:\/\/ivinj.com\/en\/wp-json\/wp\/v2\/comments?post=5828"}],"version-history":[{"count":4,"href":"https:\/\/ivinj.com\/en\/wp-json\/wp\/v2\/pages\/5828\/revisions"}],"predecessor-version":[{"id":5839,"href":"https:\/\/ivinj.com\/en\/wp-json\/wp\/v2\/pages\/5828\/revisions\/5839"}],"wp:attachment":[{"href":"https:\/\/ivinj.com\/en\/wp-json\/wp\/v2\/media?parent=5828"}],"curies":[{"name":"wp","href":"https:\/\/api.w.org\/{rel}","templated":true}]}}